{"id":1405,"date":"2024-10-09T00:05:15","date_gmt":"2024-10-09T06:05:15","guid":{"rendered":"https:\/\/recreaacademy.jalisco.gob.mx\/2024\/ponente\/victor-prado\/"},"modified":"2024-10-09T00:05:15","modified_gmt":"2024-10-09T06:05:15","slug":"victor-prado","status":"publish","type":"ponente","link":"https:\/\/recreaacademy.jalisco.gob.mx\/2024\/ponente\/victor-prado\/","title":{"rendered":"V\u00edctor Prado"},"featured_media":1162,"menu_order":999,"template":"","pais":[8],"idioma":[6],"class_list":["post-1405","ponente","type-ponente","status-publish","has-post-thumbnail","hentry","pais-mexico","idioma-espanol"],"cmb2":{"ra24_ponente_info":{"ra24_ponente_titulo":"DIRECTOR DE EDUCACI\u00d3N MEDIA SUPERIOR SEJ","ra24_ponente_biografia":"V\u00edctor Hugo Prado V\u00e1zquez\nHa trabajado desde hace 42 a\u00f1os en el sector educativo, lo que le ha permitido contribuir en la formaci\u00f3n de ciudadan\u00eda responsable de un importante n\u00famero de j\u00f3venes de Jalisco, actividades que realiza con calidad y compromiso. \nHa sido profesor en los niveles educativos de nivel media superior, superior y posgrado en la Universidad de Guadalajara, oportunidad que ha combinado con la participaci\u00f3n en \u00f3rganos de gobierno colegiado y tareas directivas de alta responsabilidad acad\u00e9mica. \nEn su producci\u00f3n acad\u00e9mica ha generado art\u00edculos, libros, cap\u00edtulos de libros, direcciones de tesis, sinodal de ex\u00e1menes de grado, conferencista y formador de formadores. \nGuadalajara, Jalisco 03 de octubre de 2024","ra24_ponente_destacado":"","ra24_ponente_email":"","ra24_ponente_website":"","ra24_ponente_linkedin":"","ra24_ponente_facebook":"","ra24_ponente_instagram":"","ra24_ponente_youtube":"","ra24_ponente_tiktok":"","ra24_ponente_twitter":"","ra24_ponente_conferencias":[1441]}},"_links":{"self":[{"href":"https:\/\/recreaacademy.jalisco.gob.mx\/2024\/wp-json\/wp\/v2\/ponente\/1405"}],"collection":[{"href":"https:\/\/recreaacademy.jalisco.gob.mx\/2024\/wp-json\/wp\/v2\/ponente"}],"about":[{"href":"https:\/\/recreaacademy.jalisco.gob.mx\/2024\/wp-json\/wp\/v2\/types\/ponente"}],"version-history":[{"count":0,"href":"https:\/\/recreaacademy.jalisco.gob.mx\/2024\/wp-json\/wp\/v2\/ponente\/1405\/revisions"}],"wp:featuredmedia":[{"embeddable":true,"href":"https:\/\/recreaacademy.jalisco.gob.mx\/2024\/wp-json\/wp\/v2\/media\/1162"}],"wp:attachment":[{"href":"https:\/\/recreaacademy.jalisco.gob.mx\/2024\/wp-json\/wp\/v2\/media?parent=1405"}],"wp:term":[{"taxonomy":"pais","embeddable":true,"href":"https:\/\/recreaacademy.jalisco.gob.mx\/2024\/wp-json\/wp\/v2\/pais?post=1405"},{"taxonomy":"idioma","embeddable":true,"href":"https:\/\/recreaacademy.jalisco.gob.mx\/2024\/wp-json\/wp\/v2\/idioma?post=1405"}],"curies":[{"name":"wp","href":"https:\/\/api.w.org\/{rel}","templated":true}]}}